{"id":3106,"date":"2024-09-20T10:32:14","date_gmt":"2024-09-20T10:32:14","guid":{"rendered":"https:\/\/pyreneesguides.compsaonline.com\/?post_type=programa&#038;p=3106"},"modified":"2024-09-20T11:13:27","modified_gmt":"2024-09-20T11:13:27","slug":"escalada-montrebei-urquiza-olmo-y-santiago-domingo","status":"publish","type":"programa","link":"https:\/\/pyreneesguides.compsaonline.com\/fr\/programa\/escalada-montrebei-urquiza-olmo-y-santiago-domingo\/","title":{"rendered":"Montrebei: Urquiza-Olmo y Santiago Domingo"},"content":{"rendered":"\n<p>La v\u00eda Urquiza-Olmo es una cl\u00e1sica de dificultad moderada, con 10 largos que combinan tramos t\u00e9cnicos y atl\u00e9ticos sobre excelente roca. Por su parte, la Santiago Domingo es una de las rutas m\u00e1s comprometidas del sector, con 12 largos de adherencia, fisuras y desplomes, que desaf\u00edan incluso a los escaladores m\u00e1s experimentados. Ambas v\u00edas destacan por su belleza y exposici\u00f3n, haciendo de Montrebei un lugar perfecto para disfrutar del alpinismo en su m\u00e1xima expresi\u00f3n.<\/p>\n\n\n\n<p><strong><em>Esta actividad esta dirigida por un Gu\u00eda de Alta Monta\u00f1a UIAGM, el refugio en media pensi\u00f3n est\u00e1n incluidos para el participante. Material personal t\u00e9cnico no incluido. Posibilidad de transfer desde Chamonix.<\/em><\/strong><\/p>\n\n\n\n<p><\/p>\n","protected":false},"excerpt":{"rendered":"<p>La v\u00eda Urquiza-Olmo es una cl\u00e1sica de dificultad moderada, con 10 largos que combinan tramos t\u00e9cnicos y atl\u00e9ticos sobre excelente roca. Por su parte, la Santiago Domingo es una de las rutas m\u00e1s comprometidas del sector, con 12 largos de adherencia, fisuras y desplomes, que desaf\u00edan incluso a los escaladores m\u00e1s experimentados. Ambas v\u00edas destacan [&hellip;]<\/p>\n","protected":false},"author":1,"featured_media":3110,"comment_status":"open","ping_status":"closed","template":"","meta":[],"categories":[7,101],"tags":[],"temporada":[51],"dia":[37],"lugar":[59],"class_list":["post-3106","programa","type-programa","status-publish","has-post-thumbnail","hentry","category-escalada","category-via-larga","temporada-invierno","dia-2-dias","lugar-pirineos-zona"],"meta_box":{"tipo_ficha":"completo","image_advanced_kipp98qmooe":[{"width":150,"height":150,"file":"2024\/05\/Montroig_Vantolau_Llacs_dela_Gola_Tavascan_Pirineismo_1.jpg","filesize":4643726,"sizes":{"medium":{"file":"Montroig_Vantolau_Llacs_dela_Gola_Tavascan_Pirineismo_1-300x225.jpg","width":300,"height":225,"mime-type":"image\/jpeg","filesize":33303,"url":"https:\/\/pyreneesguides.compsaonline.com\/wp-content\/uploads\/2024\/05\/Montroig_Vantolau_Llacs_dela_Gola_Tavascan_Pirineismo_1-300x225.jpg"},"large":{"file":"Montroig_Vantolau_Llacs_dela_Gola_Tavascan_Pirineismo_1-1024x768.jpg","width":1024,"height":768,"mime-type":"image\/jpeg","filesize":306760,"url":"https:\/\/pyreneesguides.compsaonline.com\/wp-content\/uploads\/2024\/05\/Montroig_Vantolau_Llacs_dela_Gola_Tavascan_Pirineismo_1-1024x768.jpg"},"thumbnail":{"file":"Montroig_Vantolau_Llacs_dela_Gola_Tavascan_Pirineismo_1-150x150.jpg","width":150,"height":150,"mime-type":"image\/jpeg","filesize":15036,"url":"https:\/\/pyreneesguides.compsaonline.com\/wp-content\/uploads\/2024\/05\/Montroig_Vantolau_Llacs_dela_Gola_Tavascan_Pirineismo_1-150x150.jpg"},"medium_large":{"file":"Montroig_Vantolau_Llacs_dela_Gola_Tavascan_Pirineismo_1-768x576.jpg","width":768,"height":576,"mime-type":"image\/jpeg","filesize":177754,"url":"https:\/\/pyreneesguides.compsaonline.com\/wp-content\/uploads\/2024\/05\/Montroig_Vantolau_Llacs_dela_Gola_Tavascan_Pirineismo_1-768x576.jpg"},"1536x1536":{"file":"Montroig_Vantolau_Llacs_dela_Gola_Tavascan_Pirineismo_1-1536x1152.jpg","width":1536,"height":1152,"mime-type":"image\/jpeg","filesize":647565,"url":"https:\/\/pyreneesguides.compsaonline.com\/wp-content\/uploads\/2024\/05\/Montroig_Vantolau_Llacs_dela_Gola_Tavascan_Pirineismo_1-1536x1152.jpg"}},"image_meta":{"aperture":"2.4","credit":"","camera":"iPhone 11","caption":"","created_timestamp":"1596281375","copyright":"","focal_length":"1.54","iso":"20","shutter_speed":"0.0016260162601626","title":"","orientation":"1","keywords":[]},"ID":"1831","name":"Montroig_Vantolau_Llacs_dela_Gola_Tavascan_Pirineismo_1.jpg","path":"\/var\/www\/vhosts\/pyreneesguides.compsaonline.com\/httpdocs\/wp-content\/uploads\/2024\/05\/Montroig_Vantolau_Llacs_dela_Gola_Tavascan_Pirineismo_1.jpg","url":"https:\/\/pyreneesguides.compsaonline.com\/wp-content\/uploads\/2024\/05\/Montroig_Vantolau_Llacs_dela_Gola_Tavascan_Pirineismo_1-150x150.jpg","full_url":"https:\/\/pyreneesguides.compsaonline.com\/wp-content\/uploads\/2024\/05\/Montroig_Vantolau_Llacs_dela_Gola_Tavascan_Pirineismo_1.jpg","title":"Montroig_Vantolau_Llacs_dela_Gola_Tavascan_Pirineismo_1","caption":"","description":"","alt":"","srcset":false},{"width":150,"height":150,"file":"2024\/06\/Arete_Marbres_Alpisnismo_Alpes_Mountain_Guide_Aristas_Crestas-e1717431348862.jpg","filesize":2839800,"sizes":{"medium":{"file":"Arete_Marbres_Alpisnismo_Alpes_Mountain_Guide_Aristas_Crestas-e1717431348862-300x191.jpg","width":300,"height":191,"mime-type":"image\/jpeg","filesize":22205,"url":"https:\/\/pyreneesguides.compsaonline.com\/wp-content\/uploads\/2024\/06\/Arete_Marbres_Alpisnismo_Alpes_Mountain_Guide_Aristas_Crestas-e1717431348862-300x191.jpg"},"large":{"file":"Arete_Marbres_Alpisnismo_Alpes_Mountain_Guide_Aristas_Crestas-e1717431348862-1024x651.jpg","width":1024,"height":651,"mime-type":"image\/jpeg","filesize":154398,"url":"https:\/\/pyreneesguides.compsaonline.com\/wp-content\/uploads\/2024\/06\/Arete_Marbres_Alpisnismo_Alpes_Mountain_Guide_Aristas_Crestas-e1717431348862-1024x651.jpg"},"thumbnail":{"file":"Arete_Marbres_Alpisnismo_Alpes_Mountain_Guide_Aristas_Crestas-e1717431348862-150x150.jpg","width":150,"height":150,"mime-type":"image\/jpeg","filesize":13325,"url":"https:\/\/pyreneesguides.compsaonline.com\/wp-content\/uploads\/2024\/06\/Arete_Marbres_Alpisnismo_Alpes_Mountain_Guide_Aristas_Crestas-e1717431348862-150x150.jpg"},"medium_large":{"file":"Arete_Marbres_Alpisnismo_Alpes_Mountain_Guide_Aristas_Crestas-e1717431348862-768x488.jpg","width":768,"height":488,"mime-type":"image\/jpeg","filesize":94073,"url":"https:\/\/pyreneesguides.compsaonline.com\/wp-content\/uploads\/2024\/06\/Arete_Marbres_Alpisnismo_Alpes_Mountain_Guide_Aristas_Crestas-e1717431348862-768x488.jpg"},"1536x1536":{"file":"Arete_Marbres_Alpisnismo_Alpes_Mountain_Guide_Aristas_Crestas-e1717431348862-1536x976.jpg","width":1536,"height":976,"mime-type":"image\/jpeg","filesize":304333,"url":"https:\/\/pyreneesguides.compsaonline.com\/wp-content\/uploads\/2024\/06\/Arete_Marbres_Alpisnismo_Alpes_Mountain_Guide_Aristas_Crestas-e1717431348862-1536x976.jpg"}},"image_meta":{"aperture":"2.4","credit":"","camera":"iPhone 11","caption":"","created_timestamp":"1689670846","copyright":"","focal_length":"1.54","iso":"20","shutter_speed":"0.00048007681228997","title":"","orientation":"1","keywords":[]},"ID":"3059","name":"Arete_Marbres_Alpisnismo_Alpes_Mountain_Guide_Aristas_Crestas-e1717431348862.jpg","path":"\/var\/www\/vhosts\/pyreneesguides.compsaonline.com\/httpdocs\/wp-content\/uploads\/2024\/06\/Arete_Marbres_Alpisnismo_Alpes_Mountain_Guide_Aristas_Crestas-e1717431348862.jpg","url":"https:\/\/pyreneesguides.compsaonline.com\/wp-content\/uploads\/2024\/06\/Arete_Marbres_Alpisnismo_Alpes_Mountain_Guide_Aristas_Crestas-e1717431348862-150x150.jpg","full_url":"https:\/\/pyreneesguides.compsaonline.com\/wp-content\/uploads\/2024\/06\/Arete_Marbres_Alpisnismo_Alpes_Mountain_Guide_Aristas_Crestas-e1717431348862.jpg","title":"Arete_Marbres_Alpisnismo_Alpes_Mountain_Guide_Aristas_Crestas","caption":"","description":"","alt":"","srcset":false},{"width":150,"height":150,"file":"2024\/05\/Pirineismo_Balaitous_Brecha_Latour_Pyrenees_Crestas_Alpinismo_Montanismo_4.jpg","filesize":3570001,"sizes":{"medium":{"file":"Pirineismo_Balaitous_Brecha_Latour_Pyrenees_Crestas_Alpinismo_Montanismo_4-300x225.jpg","width":300,"height":225,"mime-type":"image\/jpeg","filesize":24349,"url":"https:\/\/pyreneesguides.compsaonline.com\/wp-content\/uploads\/2024\/05\/Pirineismo_Balaitous_Brecha_Latour_Pyrenees_Crestas_Alpinismo_Montanismo_4-300x225.jpg"},"large":{"file":"Pirineismo_Balaitous_Brecha_Latour_Pyrenees_Crestas_Alpinismo_Montanismo_4-1024x768.jpg","width":1024,"height":768,"mime-type":"image\/jpeg","filesize":200716,"url":"https:\/\/pyreneesguides.compsaonline.com\/wp-content\/uploads\/2024\/05\/Pirineismo_Balaitous_Brecha_Latour_Pyrenees_Crestas_Alpinismo_Montanismo_4-1024x768.jpg"},"thumbnail":{"file":"Pirineismo_Balaitous_Brecha_Latour_Pyrenees_Crestas_Alpinismo_Montanismo_4-150x150.jpg","width":150,"height":150,"mime-type":"image\/jpeg","filesize":12380,"url":"https:\/\/pyreneesguides.compsaonline.com\/wp-content\/uploads\/2024\/05\/Pirineismo_Balaitous_Brecha_Latour_Pyrenees_Crestas_Alpinismo_Montanismo_4-150x150.jpg"},"medium_large":{"file":"Pirineismo_Balaitous_Brecha_Latour_Pyrenees_Crestas_Alpinismo_Montanismo_4-768x576.jpg","width":768,"height":576,"mime-type":"image\/jpeg","filesize":118427,"url":"https:\/\/pyreneesguides.compsaonline.com\/wp-content\/uploads\/2024\/05\/Pirineismo_Balaitous_Brecha_Latour_Pyrenees_Crestas_Alpinismo_Montanismo_4-768x576.jpg"},"1536x1536":{"file":"Pirineismo_Balaitous_Brecha_Latour_Pyrenees_Crestas_Alpinismo_Montanismo_4-1536x1152.jpg","width":1536,"height":1152,"mime-type":"image\/jpeg","filesize":408469,"url":"https:\/\/pyreneesguides.compsaonline.com\/wp-content\/uploads\/2024\/05\/Pirineismo_Balaitous_Brecha_Latour_Pyrenees_Crestas_Alpinismo_Montanismo_4-1536x1152.jpg"}},"image_meta":{"aperture":"1.8","credit":"","camera":"iPhone 11","caption":"","created_timestamp":"1634033561","copyright":"","focal_length":"4.25","iso":"32","shutter_speed":"0.00032894736842105","title":"","orientation":"1","keywords":[]},"ID":"1866","name":"Pirineismo_Balaitous_Brecha_Latour_Pyrenees_Crestas_Alpinismo_Montanismo_4.jpg","path":"\/var\/www\/vhosts\/pyreneesguides.compsaonline.com\/httpdocs\/wp-content\/uploads\/2024\/05\/Pirineismo_Balaitous_Brecha_Latour_Pyrenees_Crestas_Alpinismo_Montanismo_4.jpg","url":"https:\/\/pyreneesguides.compsaonline.com\/wp-content\/uploads\/2024\/05\/Pirineismo_Balaitous_Brecha_Latour_Pyrenees_Crestas_Alpinismo_Montanismo_4-150x150.jpg","full_url":"https:\/\/pyreneesguides.compsaonline.com\/wp-content\/uploads\/2024\/05\/Pirineismo_Balaitous_Brecha_Latour_Pyrenees_Crestas_Alpinismo_Montanismo_4.jpg","title":"Pirineismo_Balaitous_Brecha_Latour_Pyrenees_Crestas_Alpinismo_Monta\u00f1ismo_4","caption":"","description":"","alt":"","srcset":false}],"modalidad_categoria":[{"term_id":7,"name":"Escalada","slug":"escalada","term_group":0,"term_taxonomy_id":7,"taxonomy":"category","description":"La escalada es una pr\u00e1ctica deportiva que, en su modalidad cl\u00e1sica, consiste en subir o recorrer paredes de roca, u otros relieves naturales caracterizados por su verticalidad, empleando medios de aseguramiento y la posibilidad en su progresi\u00f3n de utilizar medios artificiales. La dificultad de una v\u00eda se marca por la combinaci\u00f3n de varios factores: la inclinaci\u00f3n de la pared, el tama\u00f1o y forma de los agarres, la distancia entre ellos, los puntos de reposo y el n\u00famero total de movimientos.","parent":0,"count":25,"filter":"raw"},{"term_id":101,"name":"Via larga","slug":"via-larga","term_group":0,"term_taxonomy_id":101,"taxonomy":"category","description":"","parent":7,"count":8,"filter":"raw"}],"ficha-programa-modalidad-select":"Escalada de varios largos","ficha-programa-alojamiento":"2","ficha-programa-todo_incluido_logo":"1","lugar_ficha":"Estall (Huesca) Refugio de Montfalc\u00f3","zona_taxonomy":{"term_id":59,"name":"Pirineos","slug":"pirineos-zona","term_group":0,"term_taxonomy_id":59,"taxonomy":"lugar","description":"","parent":0,"count":134,"filter":"raw"},"ficha_taxonomy_temporada":[{"term_id":51,"name":"Invierno","slug":"invierno","term_group":0,"term_taxonomy_id":51,"taxonomy":"temporada","description":"","parent":0,"count":57,"filter":"raw"}],"dias-taxonomy":[{"term_id":37,"name":"2 d\u00edas","slug":"2-dias","term_group":0,"term_taxonomy_id":37,"taxonomy":"dia","description":"","parent":0,"count":39,"filter":"raw"}],"duracion_txt":"2 d\u00edas","programa_comentarios":"Nivel t\u00e9cnico 2\/5 - F\u00edsico 3\/5","dificulad_fisica_text":"La escalada de varios largos consiste en ascender rutas de gran altura divididas en secciones o largos, donde cada tramo se escala y asegura de forma independiente. Requiere habilidades t\u00e9cnicas espec\u00edficas, como montar reuniones, asegurar al compa\u00f1ero y gestionar el material durante el ascenso y el descenso.","desnivel_txt":"+400m de escalada +400m de desnivel","recorrido":"8","ficha_activar_circulos":"no","circulo_dias_num":"40","circulo_desnivel_n6efa6ceb6m":"50","desnivel_circulo":"","nivel_text":["25"],"subtitulo_ficha":"Escalada en Montrebei: Urquiza-Olmo y Santiago Domingo","resumen_ficha":"<p>El Congost de Montrebei, situado en la frontera entre Catalu\u00f1a y Arag\u00f3n, es un destino emblem\u00e1tico para la escalada en grandes paredes, con impresionantes acantilados de roca calc\u00e1rea que ofrecen rutas de alta calidad y paisajes espectaculares<\/p>\n","ficha-programa-url-heliski":"","ficha-heliski-texto-boton":"","activar_desplegables":"si","ficha_incluido":"<p>\u20ac 1380.-\/ \u00a01 persona<br \/>\u20ac \u00a0 690.-\/ \u00a02 personas<br \/>\u20ac \u00a0 460.-\/ \u00a03 personas<br \/>\u20ac \u00a0 350.-\/ \u00a04 personas<\/p>\n","ficha_no_incluido":"<p>\u20ac 1380.-\/ \u00a01 persona<br \/>\u20ac \u00a0 690.-\/ \u00a02 personas<br \/>\u20ac \u00a0 460.-\/ \u00a03 personas<br \/>\u20ac \u00a0 350.-\/ \u00a04 personas<\/p>\n","programa-precio-num":"400","programa_ratio":"1:2","tarifas_txt":"Precios basados en una cordada de 2 personas","ficha_tarifas":"<p>\u20ac 1380.-\/ \u00a01 persona<br \/>\u20ac \u00a0 690.-\/ \u00a02 personas<\/p>\n","banner-personalizado":"1","programa-titulo-banner":"","programa-banner-texto-enlace":"","programa-banner-url":"","programa-banner-imagen":false},"_links":{"self":[{"href":"https:\/\/pyreneesguides.compsaonline.com\/fr\/wp-json\/wp\/v2\/programa\/3106","targetHints":{"allow":["GET"]}}],"collection":[{"href":"https:\/\/pyreneesguides.compsaonline.com\/fr\/wp-json\/wp\/v2\/programa"}],"about":[{"href":"https:\/\/pyreneesguides.compsaonline.com\/fr\/wp-json\/wp\/v2\/types\/programa"}],"author":[{"embeddable":true,"href":"https:\/\/pyreneesguides.compsaonline.com\/fr\/wp-json\/wp\/v2\/users\/1"}],"replies":[{"embeddable":true,"href":"https:\/\/pyreneesguides.compsaonline.com\/fr\/wp-json\/wp\/v2\/comments?post=3106"}],"wp:featuredmedia":[{"embeddable":true,"href":"https:\/\/pyreneesguides.compsaonline.com\/fr\/wp-json\/wp\/v2\/media\/3110"}],"wp:attachment":[{"href":"https:\/\/pyreneesguides.compsaonline.com\/fr\/wp-json\/wp\/v2\/media?parent=3106"}],"wp:term":[{"taxonomy":"category","embeddable":true,"href":"https:\/\/pyreneesguides.compsaonline.com\/fr\/wp-json\/wp\/v2\/categories?post=3106"},{"taxonomy":"post_tag","embeddable":true,"href":"https:\/\/pyreneesguides.compsaonline.com\/fr\/wp-json\/wp\/v2\/tags?post=3106"},{"taxonomy":"temporada","embeddable":true,"href":"https:\/\/pyreneesguides.compsaonline.com\/fr\/wp-json\/wp\/v2\/temporada?post=3106"},{"taxonomy":"dia","embeddable":true,"href":"https:\/\/pyreneesguides.compsaonline.com\/fr\/wp-json\/wp\/v2\/dia?post=3106"},{"taxonomy":"lugar","embeddable":true,"href":"https:\/\/pyreneesguides.compsaonline.com\/fr\/wp-json\/wp\/v2\/lugar?post=3106"}],"curies":[{"name":"wp","href":"https:\/\/api.w.org\/{rel}","templated":true}]}}